{"version":"1.0","provider_name":"INFODICTAT","provider_url":"https:\/\/www.infodictat.fr\/blog","author_name":"Oscar BETHMONT","author_url":"https:\/\/www.infodictat.fr\/blog\/author\/tatoscar\/","title":"cr\u00e9teil,NOUVEAU P\u00d4LE RECTORAL DE L\u2019ACAD\u00c9MIE DE CR\u00c9TEIL - INFODICTAT","type":"rich","width":600,"height":338,"html":"<blockquote class=\"wp-embedded-content\" data-secret=\"iyrmJGu6Nz\"><a href=\"https:\/\/www.infodictat.fr\/blog\/creteilnouveau-pole-rectoral-de-lacademie-de-creteil\/\">cr\u00e9teil,NOUVEAU P\u00d4LE RECTORAL DE L\u2019ACAD\u00c9MIE DE CR\u00c9TEIL<\/a><\/blockquote><iframe sandbox=\"allow-scripts\" security=\"restricted\" src=\"https:\/\/www.infodictat.fr\/blog\/creteilnouveau-pole-rectoral-de-lacademie-de-creteil\/embed\/#?secret=iyrmJGu6Nz\" width=\"600\" height=\"338\" title=\"\u00ab\u00a0cr\u00e9teil,NOUVEAU P\u00d4LE RECTORAL DE L\u2019ACAD\u00c9MIE DE CR\u00c9TEIL\u00a0\u00bb &#8212; INFODICTAT\" data-secret=\"iyrmJGu6Nz\" frameborder=\"0\" marginwidth=\"0\" marginheight=\"0\" scrolling=\"no\" class=\"wp-embedded-content\"><\/iframe><script>\n\/*! This file is auto-generated *\/\n!function(d,l){\"use strict\";l.querySelector&&d.addEventListener&&\"undefined\"!=typeof URL&&(d.wp=d.wp||{},d.wp.receiveEmbedMessage||(d.wp.receiveEmbedMessage=function(e){var t=e.data;if((t||t.secret||t.message||t.value)&&!\/[^a-zA-Z0-9]\/.test(t.secret)){for(var s,r,n,a=l.querySelectorAll('iframe[data-secret=\"'+t.secret+'\"]'),o=l.querySelectorAll('blockquote[data-secret=\"'+t.secret+'\"]'),c=new RegExp(\"^https?:$\",\"i\"),i=0;i<o.length;i++)o[i].style.display=\"none\";for(i=0;i<a.length;i++)s=a[i],e.source===s.contentWindow&&(s.removeAttribute(\"style\"),\"height\"===t.message?(1e3<(r=parseInt(t.value,10))?r=1e3:~~r<200&&(r=200),s.height=r):\"link\"===t.message&&(r=new URL(s.getAttribute(\"src\")),n=new URL(t.value),c.test(n.protocol))&&n.host===r.host&&l.activeElement===s&&(d.top.location.href=t.value))}},d.addEventListener(\"message\",d.wp.receiveEmbedMessage,!1),l.addEventListener(\"DOMContentLoaded\",function(){for(var e,t,s=l.querySelectorAll(\"iframe.wp-embedded-content\"),r=0;r<s.length;r++)(t=(e=s[r]).getAttribute(\"data-secret\"))||(t=Math.random().toString(36).substring(2,12),e.src+=\"#?secret=\"+t,e.setAttribute(\"data-secret\",t)),e.contentWindow.postMessage({message:\"ready\",secret:t},\"*\")},!1)))}(window,document);\n\/\/# sourceURL=https:\/\/www.infodictat.fr\/blog\/wp-includes\/js\/wp-embed.min.js\n<\/script>\n","thumbnail_url":"https:\/\/www.infodictat.fr\/blog\/wp-content\/uploads\/2025\/10\/creteilNOUVEAU-POLE-RECTORAL-DE-LACADEMIE-DE-CRETEIL-1024x576-1.jpg","thumbnail_width":600,"thumbnail_height":338,"description":"Ce film d\u00e9di\u00e9 \u00e0 \u00abcr\u00e9teil\u00bb est accessible en streaming sur youtube. Bois Lamell\u00e9s vous emm\u00e8ne \u00e0 la d\u00e9couverte de \u00ab\u00a0cr\u00e9teil\u00a0\u00bb. Bois Lamell\u00e9s vous propose cette vid\u00e9o en ligne sur youtube. explorant \u00ab\u00a0cr\u00e9teil\u00a0\u00bb: Les \u00e9l\u00e9ments cl\u00e9s \u00e0 retenir sont la dur\u00e9e de la vid\u00e9o (00:04:06s), le titre (NOUVEAU P\u00d4LE RECTORAL DE L\u2019ACAD\u00c9MIE DE CR\u00c9TEIL) et l\u2019auteur, ... Lire la suite"}